{"id":63268,"date":"2026-02-21T18:30:48","date_gmt":"2026-02-21T21:30:48","guid":{"rendered":"https:\/\/www.aguasdejoinville.com.br\/novo\/?post_type=servicos_oficiais&#038;p=63268"},"modified":"2026-08-04T16:57:27","modified_gmt":"2026-08-04T19:57:27","slug":"tarifa-social_","status":"publish","type":"servicos_oficiais","link":"https:\/\/aguasdejoinville.com.br\/novo\/servicos-oficiais\/tarifa-social_\/","title":{"rendered":"Tarifa social"},"content":{"rendered":"\t\t<div data-elementor-type=\"wp-post\" data-elementor-id=\"63268\" class=\"elementor elementor-63268\" data-elementor-post-type=\"servicos_oficiais\">\n\t\t\t\t<div class=\"elementor-element elementor-element-3a960821 e-flex e-con-boxed e-con e-parent\" data-id=\"3a960821\" data-element_type=\"container\">\n\t\t\t\t\t<div class=\"e-con-inner\">\n\t\t\t\t<div class=\"elementor-element elementor-element-10735d14 elementor-widget elementor-widget-text-editor\" data-id=\"10735d14\" data-element_type=\"widget\" data-widget_type=\"text-editor.default\">\n\t\t\t\t\t\t\t\t\t<p>Servi\u00e7o destinado \u00e0s fam\u00edlias de baixa renda, proporcionando a estes clientes um valor reduzido nos primeiros 15 m\u00b3 de consumo de \u00e1gua.\u00a0<\/p>\n<!-- \/wp:paragraph --><!-- wp:paragraph -->\n<p>Em respeito \u00e0 Lei Federal 14.898\/2024, a partir do dia 11 de dezembro de 2024 podem solicitar a Tarifa Social de \u00c1gua e Esgoto clientes pertencentes \u00e0s fam\u00edlias de baixa renda inscritas no Cadastro \u00danico para Programas Sociais (Cad\u00danico).\u00a0\u00a0<\/p>\n<!-- \/wp:paragraph -->\n<div class=\"wp-block-buttons\">\n<div class=\"wp-block-button\"><a class=\"wp-block-button__link wp-element-button\" href=\"https:\/\/api.whatsapp.com\/send\/?phone=5547997718115&amp;text=Ol%C3%A1,%20tudo%20bem%20?&amp;type=phone_number&amp;app_absent=0\">ACESSAR WHATSAPP<\/a><\/div>\n<!-- \/wp:button --><\/div>\t\t\t\t\t\t\t\t<\/div>\n\t\t\t\t\t<\/div>\n\t\t\t\t<\/div>\n\t\t\t\t<\/div>\n\t\t","protected":false},"excerpt":{"rendered":"<p>Servi\u00e7o destinado \u00e0s fam\u00edlias de baixa renda, proporcionando a estes clientes um valor reduzido nos primeiros 15 m\u00b3 de consumo de \u00e1gua.\u00a0 Em respeito \u00e0 Lei Federal 14.898\/2024, a partir do dia 11 de dezembro de 2024 podem solicitar a Tarifa Social de \u00c1gua e Esgoto clientes pertencentes \u00e0s fam\u00edlias de baixa renda inscritas no<\/p>\n","protected":false},"featured_media":63269,"template":"","meta":{"_acf_changed":false},"tipo-de-servico":[242],"class_list":["post-63268","servicos_oficiais","type-servicos_oficiais","status-publish","has-post-thumbnail","tipo-de-servico-tarifa-social"],"acf":[],"_links":{"self":[{"href":"https:\/\/aguasdejoinville.com.br\/novo\/wp-json\/wp\/v2\/servicos_oficiais\/63268","targetHints":{"allow":["GET"]}}],"collection":[{"href":"https:\/\/aguasdejoinville.com.br\/novo\/wp-json\/wp\/v2\/servicos_oficiais"}],"about":[{"href":"https:\/\/aguasdejoinville.com.br\/novo\/wp-json\/wp\/v2\/types\/servicos_oficiais"}],"version-history":[{"count":4,"href":"https:\/\/aguasdejoinville.com.br\/novo\/wp-json\/wp\/v2\/servicos_oficiais\/63268\/revisions"}],"predecessor-version":[{"id":65328,"href":"https:\/\/aguasdejoinville.com.br\/novo\/wp-json\/wp\/v2\/servicos_oficiais\/63268\/revisions\/65328"}],"wp:featuredmedia":[{"embeddable":true,"href":"https:\/\/aguasdejoinville.com.br\/novo\/wp-json\/wp\/v2\/media\/63269"}],"wp:attachment":[{"href":"https:\/\/aguasdejoinville.com.br\/novo\/wp-json\/wp\/v2\/media?parent=63268"}],"wp:term":[{"taxonomy":"tipo-de-servico","embeddable":true,"href":"https:\/\/aguasdejoinville.com.br\/novo\/wp-json\/wp\/v2\/tipo-de-servico?post=63268"}],"curies":[{"name":"wp","href":"https:\/\/api.w.org\/{rel}","templated":true}]}}